{"id":1010,"date":"2025-06-19T10:47:41","date_gmt":"2025-06-19T10:47:41","guid":{"rendered":"https:\/\/chateaudutruch.com\/die-familie-schuster\/"},"modified":"2025-08-20T07:31:39","modified_gmt":"2025-08-20T07:31:39","slug":"die-familie-schuster","status":"publish","type":"page","link":"https:\/\/chateaudutruch.com\/de\/die-familie-schuster\/","title":{"rendered":"Die Familie Schuster"},"content":{"rendered":"\t\t<div data-elementor-type=\"wp-page\" data-elementor-id=\"1010\" class=\"elementor elementor-1010 elementor-73\">\n\t\t\t\t<div class=\"elementor-element elementor-element-a348de1 e-flex e-con-boxed wpr-particle-no wpr-jarallax-no wpr-parallax-no wpr-sticky-section-no e-con e-parent\" data-id=\"a348de1\" data-element_type=\"container\" data-settings=\"{&quot;background_background&quot;:&quot;classic&quot;}\">\n\t\t\t\t\t<div class=\"e-con-inner\">\n\t\t\t\t<div class=\"elementor-element elementor-element-d59e90c elementor-widget elementor-widget-spacer\" data-id=\"d59e90c\" data-element_type=\"widget\" data-widget_type=\"spacer.default\">\n\t\t\t\t<div class=\"elementor-widget-container\">\n\t\t\t\t\t\t\t<div class=\"elementor-spacer\">\n\t\t\t<div class=\"elementor-spacer-inner\"><\/div>\n\t\t<\/div>\n\t\t\t\t\t\t<\/div>\n\t\t\t\t<\/div>\n\t\t\t\t<div class=\"elementor-element elementor-element-7913415 elementor-widget elementor-widget-heading\" data-id=\"7913415\" data-element_type=\"widget\" data-widget_type=\"heading.default\">\n\t\t\t\t<div class=\"elementor-widget-container\">\n\t\t\t\t\t<h2 class=\"elementor-heading-title elementor-size-default\">Die Familie Schuster<\/h2>\t\t\t\t<\/div>\n\t\t\t\t<\/div>\n\t\t\t\t<div class=\"elementor-element elementor-element-cc301bb elementor-widget elementor-widget-spacer\" data-id=\"cc301bb\" data-element_type=\"widget\" data-widget_type=\"spacer.default\">\n\t\t\t\t<div class=\"elementor-widget-container\">\n\t\t\t\t\t\t\t<div class=\"elementor-spacer\">\n\t\t\t<div class=\"elementor-spacer-inner\"><\/div>\n\t\t<\/div>\n\t\t\t\t\t\t<\/div>\n\t\t\t\t<\/div>\n\t\t\t\t\t<\/div>\n\t\t\t\t<\/div>\n\t\t<div class=\"elementor-element elementor-element-2b0f869 e-flex e-con-boxed wpr-particle-no wpr-jarallax-no wpr-parallax-no wpr-sticky-section-no e-con e-parent\" data-id=\"2b0f869\" data-element_type=\"container\" data-settings=\"{&quot;background_background&quot;:&quot;classic&quot;}\">\n\t\t\t\t\t<div class=\"e-con-inner\">\n\t\t\t\t<div class=\"elementor-element elementor-element-61a3b7d elementor-widget elementor-widget-spacer\" data-id=\"61a3b7d\" data-element_type=\"widget\" data-widget_type=\"spacer.default\">\n\t\t\t\t<div class=\"elementor-widget-container\">\n\t\t\t\t\t\t\t<div class=\"elementor-spacer\">\n\t\t\t<div class=\"elementor-spacer-inner\"><\/div>\n\t\t<\/div>\n\t\t\t\t\t\t<\/div>\n\t\t\t\t<\/div>\n\t\t\t\t<div class=\"elementor-element elementor-element-7587496 elementor-widget elementor-widget-image\" data-id=\"7587496\" data-element_type=\"widget\" data-widget_type=\"image.default\">\n\t\t\t\t<div class=\"elementor-widget-container\">\n\t\t\t\t\t\t\t\t\t\t\t\t\t\t\t<img fetchpriority=\"high\" decoding=\"async\" width=\"768\" height=\"414\" src=\"https:\/\/chateaudutruch.com\/wp-content\/uploads\/2025\/06\/image-7-768x414.png\" class=\"attachment-medium_large size-medium_large wp-image-1016\" alt=\"\" srcset=\"https:\/\/chateaudutruch.com\/wp-content\/uploads\/2025\/06\/image-7-768x414.png 768w, https:\/\/chateaudutruch.com\/wp-content\/uploads\/2025\/06\/image-7-300x162.png 300w, https:\/\/chateaudutruch.com\/wp-content\/uploads\/2025\/06\/image-7-600x323.png 600w, https:\/\/chateaudutruch.com\/wp-content\/uploads\/2025\/06\/image-7.png 893w\" sizes=\"(max-width: 768px) 100vw, 768px\" \/>\t\t\t\t\t\t\t\t\t\t\t\t\t\t\t<\/div>\n\t\t\t\t<\/div>\n\t\t\t\t<div class=\"elementor-element elementor-element-3b1f4de elementor-widget elementor-widget-spacer\" data-id=\"3b1f4de\" data-element_type=\"widget\" data-widget_type=\"spacer.default\">\n\t\t\t\t<div class=\"elementor-widget-container\">\n\t\t\t\t\t\t\t<div class=\"elementor-spacer\">\n\t\t\t<div class=\"elementor-spacer-inner\"><\/div>\n\t\t<\/div>\n\t\t\t\t\t\t<\/div>\n\t\t\t\t<\/div>\n\t\t\t\t<div class=\"elementor-element elementor-element-9352b0f elementor-widget elementor-widget-text-editor\" data-id=\"9352b0f\" data-element_type=\"widget\" data-widget_type=\"text-editor.default\">\n\t\t\t\t<div class=\"elementor-widget-container\">\n\t\t\t\t\t\t\t\t\t<h3><strong>Eine Dynastie der Weinleidenschaft, von Lille bis zum Herzen des M\u00e9doc<\/strong><\/h3><p><strong>Die Familie Cordonnier ist seit dem 16. Jahrhundert im Register der B\u00fcrger von Lille eingetragen.<\/strong> Die Mitglieder \u00fcbten verschiedene Berufe aus: Hufschmied <strong>, Pfl\u00fcger, Weber, Leinwandh\u00e4ndler, P\u00e4chter, B\u00f6ttcher, Lebensmittelh\u00e4ndler, Hausbesitzer, Kesselschmied, Weinh\u00e4ndler<\/strong> und <strong>Architekt<\/strong> (darunter <strong>Louis Cordonnier<\/strong>, Architekt zahlreicher Rath\u00e4user, Kirchen und anderer \u00f6ffentlicher Geb\u00e4ude in Lille und Umgebung).<\/p><p><strong>Mein Gro\u00dfvater, Jean-Baptiste Cordonnier<\/strong>, geboren <strong>1886<\/strong>, war <strong>Verbindungsoffizier in den Sch\u00fctzengr\u00e4ben<\/strong> und wurde <strong>mit dem Kriegskreuz 14-18 ausgezeichnet<\/strong>. Er heiratete <strong>1920<\/strong> <strong>Madeleine Desombre<\/strong>, die ebenfalls aus Lille stammte, und lie\u00df sich in <strong>Br\u00fcssel als Weinmakler<\/strong> nieder. Er hinterlie\u00df in der Familie die Erinnerung an eine <strong>strahlende, vision\u00e4re und liebevolle<\/strong>, aber auch <strong>autorit\u00e4re und<\/strong> aufbrausende Pers\u00f6nlichkeit.  <\/p><p>Mein <strong>Onkel Fran\u00e7ois (1927-2010<\/strong> <strong>)<\/strong>, der <strong>Agronomie studiert<\/strong> hatte, begann seine Karriere <strong>als<\/strong> <strong>Verwalter von Weing\u00fctern<\/strong>, darunter das <strong>Schloss Chenonceau in der Loire<\/strong>.<\/p><p>Nach vielen Jahren der Suche und des Z\u00f6gerns lie\u00df er sich schlie\u00dflich <strong>1967<\/strong>, ermutigt durch <strong>Pierre<\/strong>, in <strong>Moulis-en-M\u00e9doc<\/strong> auf dem <strong>Ch\u00e2teau Dutruch-Grand-Poujeaux<\/strong> nieder, das er <strong>von der Familie Lambert-Dutruch gekauft<\/strong> hatte.<\/p><p>Im Wartezimmer des Notars fragte sich <strong>meine<\/strong> Mutter, in was f\u00fcr eine <strong>seltsame Familie<\/strong> sie geraten war, in der man ein Anwesen <strong>&#8220;so nebenbei&#8221;<\/strong> kaufte.<\/p>\t\t\t\t\t\t\t\t<\/div>\n\t\t\t\t<\/div>\n\t\t\t\t<div class=\"elementor-element elementor-element-3dfef39 elementor-widget elementor-widget-spacer\" data-id=\"3dfef39\" data-element_type=\"widget\" data-widget_type=\"spacer.default\">\n\t\t\t\t<div class=\"elementor-widget-container\">\n\t\t\t\t\t\t\t<div class=\"elementor-spacer\">\n\t\t\t<div class=\"elementor-spacer-inner\"><\/div>\n\t\t<\/div>\n\t\t\t\t\t\t<\/div>\n\t\t\t\t<\/div>\n\t\t\t\t\t<\/div>\n\t\t\t\t<\/div>\n\t\t<div class=\"elementor-element elementor-element-b549915 e-flex e-con-boxed wpr-particle-no wpr-jarallax-no wpr-parallax-no wpr-sticky-section-no e-con e-parent\" data-id=\"b549915\" data-element_type=\"container\">\n\t\t\t\t\t<div class=\"e-con-inner\">\n\t\t\t\t<div class=\"elementor-element elementor-element-8777fdf elementor-widget elementor-widget-spacer\" data-id=\"8777fdf\" data-element_type=\"widget\" data-widget_type=\"spacer.default\">\n\t\t\t\t<div class=\"elementor-widget-container\">\n\t\t\t\t\t\t\t<div class=\"elementor-spacer\">\n\t\t\t<div class=\"elementor-spacer-inner\"><\/div>\n\t\t<\/div>\n\t\t\t\t\t\t<\/div>\n\t\t\t\t<\/div>\n\t\t\t\t\t<\/div>\n\t\t\t\t<\/div>\n\t\t<div class=\"elementor-element elementor-element-eb0b7b4 e-flex e-con-boxed wpr-particle-no wpr-jarallax-no wpr-parallax-no wpr-sticky-section-no e-con e-parent\" data-id=\"eb0b7b4\" data-element_type=\"container\" data-settings=\"{&quot;background_background&quot;:&quot;classic&quot;}\">\n\t\t\t\t\t<div class=\"e-con-inner\">\n\t\t<div class=\"elementor-element elementor-element-e4dbb60 e-con-full e-flex wpr-particle-no wpr-jarallax-no wpr-parallax-no wpr-sticky-section-no e-con e-child\" data-id=\"e4dbb60\" data-element_type=\"container\">\n\t\t\t\t<div class=\"elementor-element elementor-element-fb666f7 elementor-widget elementor-widget-image\" data-id=\"fb666f7\" data-element_type=\"widget\" data-widget_type=\"image.default\">\n\t\t\t\t<div class=\"elementor-widget-container\">\n\t\t\t\t\t\t\t\t\t\t\t\t\t\t\t<img decoding=\"async\" width=\"724\" height=\"1024\" src=\"https:\/\/chateaudutruch.com\/wp-content\/uploads\/2025\/06\/Photo-Grand-Pere-724x1024.jpg\" class=\"attachment-large size-large wp-image-1025\" alt=\"\" srcset=\"https:\/\/chateaudutruch.com\/wp-content\/uploads\/2025\/06\/Photo-Grand-Pere-724x1024.jpg 724w, https:\/\/chateaudutruch.com\/wp-content\/uploads\/2025\/06\/Photo-Grand-Pere-212x300.jpg 212w, https:\/\/chateaudutruch.com\/wp-content\/uploads\/2025\/06\/Photo-Grand-Pere-768x1086.jpg 768w, https:\/\/chateaudutruch.com\/wp-content\/uploads\/2025\/06\/Photo-Grand-Pere-1086x1536.jpg 1086w, https:\/\/chateaudutruch.com\/wp-content\/uploads\/2025\/06\/Photo-Grand-Pere-600x849.jpg 600w, https:\/\/chateaudutruch.com\/wp-content\/uploads\/2025\/06\/Photo-Grand-Pere.jpg 1240w\" sizes=\"(max-width: 724px) 100vw, 724px\" \/>\t\t\t\t\t\t\t\t\t\t\t\t\t\t\t<\/div>\n\t\t\t\t<\/div>\n\t\t\t\t<\/div>\n\t\t<div class=\"elementor-element elementor-element-969ced2 e-con-full e-flex wpr-particle-no wpr-jarallax-no wpr-parallax-no wpr-sticky-section-no e-con e-child\" data-id=\"969ced2\" data-element_type=\"container\">\n\t\t\t\t<div class=\"elementor-element elementor-element-17fb214 elementor-widget elementor-widget-image\" data-id=\"17fb214\" data-element_type=\"widget\" data-widget_type=\"image.default\">\n\t\t\t\t<div class=\"elementor-widget-container\">\n\t\t\t\t\t\t\t\t\t\t\t\t\t\t\t<img decoding=\"async\" width=\"724\" height=\"1024\" src=\"https:\/\/chateaudutruch.com\/wp-content\/uploads\/2025\/06\/Photo2-724x1024.jpg\" class=\"attachment-large size-large wp-image-1023\" alt=\"\" srcset=\"https:\/\/chateaudutruch.com\/wp-content\/uploads\/2025\/06\/Photo2-724x1024.jpg 724w, https:\/\/chateaudutruch.com\/wp-content\/uploads\/2025\/06\/Photo2-212x300.jpg 212w, https:\/\/chateaudutruch.com\/wp-content\/uploads\/2025\/06\/Photo2-768x1086.jpg 768w, https:\/\/chateaudutruch.com\/wp-content\/uploads\/2025\/06\/Photo2-1086x1536.jpg 1086w, https:\/\/chateaudutruch.com\/wp-content\/uploads\/2025\/06\/Photo2-600x849.jpg 600w, https:\/\/chateaudutruch.com\/wp-content\/uploads\/2025\/06\/Photo2.jpg 1240w\" sizes=\"(max-width: 724px) 100vw, 724px\" \/>\t\t\t\t\t\t\t\t\t\t\t\t\t\t\t<\/div>\n\t\t\t\t<\/div>\n\t\t\t\t<\/div>\n\t\t<div class=\"elementor-element elementor-element-b160f4b e-con-full e-flex wpr-particle-no wpr-jarallax-no wpr-parallax-no wpr-sticky-section-no e-con e-child\" data-id=\"b160f4b\" data-element_type=\"container\">\n\t\t\t\t<div class=\"elementor-element elementor-element-cd2d8ac elementor-widget elementor-widget-image\" data-id=\"cd2d8ac\" data-element_type=\"widget\" data-widget_type=\"image.default\">\n\t\t\t\t<div class=\"elementor-widget-container\">\n\t\t\t\t\t\t\t\t\t\t\t\t\t\t\t<img loading=\"lazy\" decoding=\"async\" width=\"724\" height=\"1024\" src=\"https:\/\/chateaudutruch.com\/wp-content\/uploads\/2025\/06\/Photo3-724x1024.jpg\" class=\"attachment-large size-large wp-image-1021\" alt=\"\" srcset=\"https:\/\/chateaudutruch.com\/wp-content\/uploads\/2025\/06\/Photo3-724x1024.jpg 724w, https:\/\/chateaudutruch.com\/wp-content\/uploads\/2025\/06\/Photo3-212x300.jpg 212w, https:\/\/chateaudutruch.com\/wp-content\/uploads\/2025\/06\/Photo3-768x1086.jpg 768w, https:\/\/chateaudutruch.com\/wp-content\/uploads\/2025\/06\/Photo3-1086x1536.jpg 1086w, https:\/\/chateaudutruch.com\/wp-content\/uploads\/2025\/06\/Photo3-600x849.jpg 600w, https:\/\/chateaudutruch.com\/wp-content\/uploads\/2025\/06\/Photo3.jpg 1240w\" sizes=\"(max-width: 724px) 100vw, 724px\" \/>\t\t\t\t\t\t\t\t\t\t\t\t\t\t\t<\/div>\n\t\t\t\t<\/div>\n\t\t\t\t<\/div>\n\t\t\t\t\t<\/div>\n\t\t\t\t<\/div>\n\t\t<div class=\"elementor-element elementor-element-17d7df2 e-flex e-con-boxed wpr-particle-no wpr-jarallax-no wpr-parallax-no wpr-sticky-section-no e-con e-parent\" data-id=\"17d7df2\" data-element_type=\"container\" data-settings=\"{&quot;shape_divider_bottom&quot;:&quot;opacity-fan&quot;}\">\n\t\t\t\t\t<div class=\"e-con-inner\">\n\t\t\t\t<div class=\"elementor-shape elementor-shape-bottom\" aria-hidden=\"true\" data-negative=\"false\">\n\t\t\t<svg xmlns=\"http:\/\/www.w3.org\/2000\/svg\" viewBox=\"0 0 283.5 19.6\" preserveAspectRatio=\"none\">\n\t<path class=\"elementor-shape-fill\" style=\"opacity:0.33\" d=\"M0 0L0 18.8 141.8 4.1 283.5 18.8 283.5 0z\"\/>\n\t<path class=\"elementor-shape-fill\" style=\"opacity:0.33\" d=\"M0 0L0 12.6 141.8 4 283.5 12.6 283.5 0z\"\/>\n\t<path class=\"elementor-shape-fill\" style=\"opacity:0.33\" d=\"M0 0L0 6.4 141.8 4 283.5 6.4 283.5 0z\"\/>\n\t<path class=\"elementor-shape-fill\" d=\"M0 0L0 1.2 141.8 4 283.5 1.2 283.5 0z\"\/>\n<\/svg>\t\t<\/div>\n\t\t\t\t<div class=\"elementor-element elementor-element-ac42efb elementor-widget elementor-widget-spacer\" data-id=\"ac42efb\" data-element_type=\"widget\" data-widget_type=\"spacer.default\">\n\t\t\t\t<div class=\"elementor-widget-container\">\n\t\t\t\t\t\t\t<div class=\"elementor-spacer\">\n\t\t\t<div class=\"elementor-spacer-inner\"><\/div>\n\t\t<\/div>\n\t\t\t\t\t\t<\/div>\n\t\t\t\t<\/div>\n\t\t\t\t<div class=\"elementor-element elementor-element-930c17f elementor-widget elementor-widget-text-editor\" data-id=\"930c17f\" data-element_type=\"widget\" data-widget_type=\"text-editor.default\">\n\t\t\t\t<div class=\"elementor-widget-container\">\n\t\t\t\t\t\t\t\t\t<p><strong>Fran\u00e7ois Cordonnier senior<\/strong> heiratete <strong>1970<\/strong> <strong>Marie-Claire Arrivet<\/strong>, die aus der <strong>Graves-Region<\/strong> stammte. Das Ehepaar <strong>ist kinderlos<\/strong> und empf\u00e4ngt seine zahlreichen Nichten und Neffen <strong>gro\u00dfz\u00fcgig<\/strong> auf <strong>Ch\u00e2teau Dutruch<\/strong>.<\/p><p>Die Br\u00fcder <strong>Fran\u00e7ois und Pierre<\/strong> sind <strong>eng miteinander verbunden und erg\u00e4nzen sich gegenseitig<\/strong>. Sie bilden ein beispielhaftes Duo: <strong>Pierre verkauft mit Energie in Belgien<\/strong> die Weine, die <strong>Fran\u00e7ois mit Leidenschaft<\/strong> auf dem Schloss <strong>produziert<\/strong>.<\/p><p><strong>2016<\/strong> kaufte ich das Weingut von meinem Bruder <strong>Jean-Baptiste<\/strong>, der sich davon trennen wollte. Von <strong>Br\u00fcssel<\/strong> aus, wo ich das Familiengesch\u00e4ft als<strong>Agent f\u00fcr franz\u00f6sische und spanische Produzenten<\/strong> weiterf\u00fchre (wie mein Vater und Gro\u00dfvater vor mir), leite ich das Weingut zusammen mit <strong>Paul Falipou<\/strong>, dem Direktor seit <strong>2025<\/strong> (als Nachfolger von S\u00e9bastien Olivar). <\/p>\t\t\t\t\t\t\t\t<\/div>\n\t\t\t\t<\/div>\n\t\t\t\t<div class=\"elementor-element elementor-element-2546125 elementor-widget elementor-widget-spacer\" data-id=\"2546125\" data-element_type=\"widget\" data-widget_type=\"spacer.default\">\n\t\t\t\t<div class=\"elementor-widget-container\">\n\t\t\t\t\t\t\t<div class=\"elementor-spacer\">\n\t\t\t<div class=\"elementor-spacer-inner\"><\/div>\n\t\t<\/div>\n\t\t\t\t\t\t<\/div>\n\t\t\t\t<\/div>\n\t\t\t\t<div class=\"elementor-element elementor-element-576bc8f elementor-widget elementor-widget-spacer\" data-id=\"576bc8f\" data-element_type=\"widget\" data-widget_type=\"spacer.default\">\n\t\t\t\t<div class=\"elementor-widget-container\">\n\t\t\t\t\t\t\t<div class=\"elementor-spacer\">\n\t\t\t<div class=\"elementor-spacer-inner\"><\/div>\n\t\t<\/div>\n\t\t\t\t\t\t<\/div>\n\t\t\t\t<\/div>\n\t\t\t\t\t<\/div>\n\t\t\t\t<\/div>\n\t\t<div class=\"elementor-element elementor-element-e58e531 e-flex e-con-boxed wpr-particle-no wpr-jarallax-no wpr-parallax-no wpr-sticky-section-no e-con e-parent\" data-id=\"e58e531\" data-element_type=\"container\" data-settings=\"{&quot;background_background&quot;:&quot;classic&quot;}\">\n\t\t\t\t\t<div class=\"e-con-inner\">\n\t\t\t\t<div class=\"elementor-element elementor-element-96acd45 elementor-widget elementor-widget-spacer\" data-id=\"96acd45\" data-element_type=\"widget\" data-widget_type=\"spacer.default\">\n\t\t\t\t<div class=\"elementor-widget-container\">\n\t\t\t\t\t\t\t<div class=\"elementor-spacer\">\n\t\t\t<div class=\"elementor-spacer-inner\"><\/div>\n\t\t<\/div>\n\t\t\t\t\t\t<\/div>\n\t\t\t\t<\/div>\n\t\t\t\t<div class=\"elementor-element elementor-element-da49d7f elementor-widget elementor-widget-heading\" data-id=\"da49d7f\" data-element_type=\"widget\" data-widget_type=\"heading.default\">\n\t\t\t\t<div class=\"elementor-widget-container\">\n\t\t\t\t\t<h2 class=\"elementor-heading-title elementor-size-default\">Brief von Fran\u00e7ois' Gro\u00dfvater an seine Frau aus dem Jahr 1963 w\u00e4hrend einer Reise auf der Suche nach einem Anwesen zwischen Muscadet, Cognac und M\u00e9doc.<\/h2>\t\t\t\t<\/div>\n\t\t\t\t<\/div>\n\t\t\t\t<div class=\"elementor-element elementor-element-92d30c5 elementor-widget elementor-widget-spacer\" data-id=\"92d30c5\" data-element_type=\"widget\" data-widget_type=\"spacer.default\">\n\t\t\t\t<div class=\"elementor-widget-container\">\n\t\t\t\t\t\t\t<div class=\"elementor-spacer\">\n\t\t\t<div class=\"elementor-spacer-inner\"><\/div>\n\t\t<\/div>\n\t\t\t\t\t\t<\/div>\n\t\t\t\t<\/div>\n\t\t\t\t\t<\/div>\n\t\t\t\t<\/div>\n\t\t<div class=\"elementor-element elementor-element-d5551f4 e-flex e-con-boxed wpr-particle-no wpr-jarallax-no wpr-parallax-no wpr-sticky-section-no e-con e-parent\" data-id=\"d5551f4\" data-element_type=\"container\" data-settings=\"{&quot;background_background&quot;:&quot;classic&quot;}\">\n\t\t\t\t\t<div class=\"e-con-inner\">\n\t\t<div class=\"elementor-element elementor-element-af4c86e e-con-full e-flex wpr-particle-no wpr-jarallax-no wpr-parallax-no wpr-sticky-section-no e-con e-child\" data-id=\"af4c86e\" data-element_type=\"container\">\n\t\t\t\t<div class=\"elementor-element elementor-element-515abba elementor-widget elementor-widget-image\" data-id=\"515abba\" data-element_type=\"widget\" data-widget_type=\"image.default\">\n\t\t\t\t<div class=\"elementor-widget-container\">\n\t\t\t\t\t\t\t\t\t\t\t\t\t\t\t<img loading=\"lazy\" decoding=\"async\" width=\"750\" height=\"1024\" src=\"https:\/\/chateaudutruch.com\/wp-content\/uploads\/2025\/06\/Lettre-Ancienne1-750x1024.png\" class=\"attachment-large size-large wp-image-1019\" alt=\"\" srcset=\"https:\/\/chateaudutruch.com\/wp-content\/uploads\/2025\/06\/Lettre-Ancienne1-750x1024.png 750w, https:\/\/chateaudutruch.com\/wp-content\/uploads\/2025\/06\/Lettre-Ancienne1-220x300.png 220w, https:\/\/chateaudutruch.com\/wp-content\/uploads\/2025\/06\/Lettre-Ancienne1-768x1049.png 768w, https:\/\/chateaudutruch.com\/wp-content\/uploads\/2025\/06\/Lettre-Ancienne1-1124x1536.png 1124w, https:\/\/chateaudutruch.com\/wp-content\/uploads\/2025\/06\/Lettre-Ancienne1-1499x2048.png 1499w, https:\/\/chateaudutruch.com\/wp-content\/uploads\/2025\/06\/Lettre-Ancienne1-600x820.png 600w\" sizes=\"(max-width: 750px) 100vw, 750px\" \/>\t\t\t\t\t\t\t\t\t\t\t\t\t\t\t<\/div>\n\t\t\t\t<\/div>\n\t\t\t\t<\/div>\n\t\t<div class=\"elementor-element elementor-element-b8ab668 e-con-full e-flex wpr-particle-no wpr-jarallax-no wpr-parallax-no wpr-sticky-section-no e-con e-child\" data-id=\"b8ab668\" data-element_type=\"container\">\n\t\t\t\t<div class=\"elementor-element elementor-element-808f794 elementor-widget elementor-widget-image\" data-id=\"808f794\" data-element_type=\"widget\" data-widget_type=\"image.default\">\n\t\t\t\t<div class=\"elementor-widget-container\">\n\t\t\t\t\t\t\t\t\t\t\t\t\t\t\t<img loading=\"lazy\" decoding=\"async\" width=\"780\" height=\"1024\" src=\"https:\/\/chateaudutruch.com\/wp-content\/uploads\/2025\/06\/Lettre-Ancienne2-780x1024.png\" class=\"attachment-large size-large wp-image-1017\" alt=\"\" srcset=\"https:\/\/chateaudutruch.com\/wp-content\/uploads\/2025\/06\/Lettre-Ancienne2-780x1024.png 780w, https:\/\/chateaudutruch.com\/wp-content\/uploads\/2025\/06\/Lettre-Ancienne2-228x300.png 228w, https:\/\/chateaudutruch.com\/wp-content\/uploads\/2025\/06\/Lettre-Ancienne2-768x1008.png 768w, https:\/\/chateaudutruch.com\/wp-content\/uploads\/2025\/06\/Lettre-Ancienne2-1170x1536.png 1170w, https:\/\/chateaudutruch.com\/wp-content\/uploads\/2025\/06\/Lettre-Ancienne2-1560x2048.png 1560w, https:\/\/chateaudutruch.com\/wp-content\/uploads\/2025\/06\/Lettre-Ancienne2-600x788.png 600w\" sizes=\"(max-width: 780px) 100vw, 780px\" \/>\t\t\t\t\t\t\t\t\t\t\t\t\t\t\t<\/div>\n\t\t\t\t<\/div>\n\t\t\t\t<\/div>\n\t\t\t\t\t<\/div>\n\t\t\t\t<\/div>\n\t\t<div class=\"elementor-element elementor-element-e325625 e-flex e-con-boxed wpr-particle-no wpr-jarallax-no wpr-parallax-no wpr-sticky-section-no e-con e-parent\" data-id=\"e325625\" data-element_type=\"container\" data-settings=\"{&quot;background_background&quot;:&quot;classic&quot;}\">\n\t\t\t\t\t<div class=\"e-con-inner\">\n\t\t\t\t<div class=\"elementor-element elementor-element-7ef6826 elementor-widget elementor-widget-spacer\" data-id=\"7ef6826\" data-element_type=\"widget\" data-widget_type=\"spacer.default\">\n\t\t\t\t<div class=\"elementor-widget-container\">\n\t\t\t\t\t\t\t<div class=\"elementor-spacer\">\n\t\t\t<div class=\"elementor-spacer-inner\"><\/div>\n\t\t<\/div>\n\t\t\t\t\t\t<\/div>\n\t\t\t\t<\/div>\n\t\t\t\t<div class=\"elementor-element elementor-element-177317a elementor-widget elementor-widget-heading\" data-id=\"177317a\" data-element_type=\"widget\" data-widget_type=\"heading.default\">\n\t\t\t\t<div class=\"elementor-widget-container\">\n\t\t\t\t\t<h2 class=\"elementor-heading-title elementor-size-default\">Leizaola: Exil, Widerstand und ein Schicksal, das mit dem M\u00e9doc verbunden ist<\/h2>\t\t\t\t<\/div>\n\t\t\t\t<\/div>\n\t\t\t\t<div class=\"elementor-element elementor-element-2cc8a58 elementor-widget elementor-widget-spacer\" data-id=\"2cc8a58\" data-element_type=\"widget\" data-widget_type=\"spacer.default\">\n\t\t\t\t<div class=\"elementor-widget-container\">\n\t\t\t\t\t\t\t<div class=\"elementor-spacer\">\n\t\t\t<div class=\"elementor-spacer-inner\"><\/div>\n\t\t<\/div>\n\t\t\t\t\t\t<\/div>\n\t\t\t\t<\/div>\n\t\t\t\t<div class=\"elementor-element elementor-element-0a6f749 elementor-widget elementor-widget-text-editor\" data-id=\"0a6f749\" data-element_type=\"widget\" data-widget_type=\"text-editor.default\">\n\t\t\t\t<div class=\"elementor-widget-container\">\n\t\t\t\t\t\t\t\t\t<h3><strong>Eine von der Geschichte gepr\u00e4gte baskische Linie<\/strong><\/h3><p><strong>1936<\/strong>: <strong>Arantza de Leizaola<\/strong> wird in <strong>San Sebasti\u00e1n<\/strong> geboren, am Vorabend des Staatsstreichs von <strong>Franco<\/strong> und des <strong>Spanischen B\u00fcrgerkriegs<\/strong>.<br><strong>1937<\/strong>: <strong>Jes\u00fas Mar\u00eda de Leizaola<\/strong>, baskischer Justizminister und sp\u00e4terer Pr\u00e4sident der Exilregierung, schickt seine Frau und seine <strong>sechs Kinder<\/strong> nach <strong>Frankreich<\/strong> &#8211; ihr Schiff landet ironischerweise in <strong>Pauillac<\/strong>, im <strong>M\u00e9doc<\/strong>, wo sie sich in einem Hotel einquartieren. <em>(Die Hoteliers, die sie beherbergten, wurden nach ihrer Abreise von den Franquisten hingerichtet).<\/em><\/p><p><strong>1979<\/strong>: Nach <strong>40 Jahren im Exil<\/strong> kann der Gro\u00dfvater von Fran\u00e7ois nach dem <strong>Fall der Diktatur<\/strong> endlich nach Spanien zur\u00fcckkehren.<\/p><hr><h3><strong>Ein Wappen mit Legende<\/strong><\/h3><p>Die Familie <strong>Leizaola<\/strong>, ein <strong>baskischer Adel alten Ursprungs<\/strong>, f\u00fchrt ein Wappen <strong>mit starker Symbolik<\/strong>:<\/p><ul><li><strong>Rechts<\/strong> (Gueules) : <strong>Ein goldenes Schloss<\/strong>, Symbol der Macht.<\/li><li><strong>Links<\/strong> (Sinople) : <strong>Eine goldene Schlange<\/strong>, die von einem <strong>Ritter<\/strong> (in der Briefmarke abgebildet) niedergeschlagen wird, erinnert daran, dass ein Vorfahre einen Ort, der durchquert wurde, von dieser Plage befreite.<\/li><li><strong>Familienhommage<\/strong>: Dieses Wappen ziert einige unserer Etiketten, eine enge Verbindung zwischen unserem <strong>baskischen Erbe<\/strong> und unserem <strong>Schicksal im M\u00e9doc<\/strong>.<\/li><\/ul><hr><h3><strong>Markante Punkte<\/strong><\/h3><p>&#8211; <strong> Exil und Widerstand<\/strong>: Eine Geschichte, die zutiefst mit Freiheit verbunden ist.<\/p><p>&#8211; <strong> M\u00e9doc, Land der Gastfreundschaft:<\/strong> Der Zufall, der sp\u00e4ter die Leizaola mit den Cordonniers verband.<\/p><p>&#8211; <strong> Legend\u00e4res<\/strong> Wappen: Symbol f\u00fcr Mut und Adel, auf unsere Weine gedruckt.<\/p>\t\t\t\t\t\t\t\t<\/div>\n\t\t\t\t<\/div>\n\t\t\t\t<div class=\"elementor-element elementor-element-da3692a elementor-widget elementor-widget-spacer\" data-id=\"da3692a\" data-element_type=\"widget\" data-widget_type=\"spacer.default\">\n\t\t\t\t<div class=\"elementor-widget-container\">\n\t\t\t\t\t\t\t<div class=\"elementor-spacer\">\n\t\t\t<div class=\"elementor-spacer-inner\"><\/div>\n\t\t<\/div>\n\t\t\t\t\t\t<\/div>\n\t\t\t\t<\/div>\n\t\t\t\t\t<\/div>\n\t\t\t\t<\/div>\n\t\t<div class=\"elementor-element elementor-element-2ab64d4 e-flex e-con-boxed wpr-particle-no wpr-jarallax-no wpr-parallax-no wpr-sticky-section-no e-con e-parent\" data-id=\"2ab64d4\" data-element_type=\"container\" data-settings=\"{&quot;background_background&quot;:&quot;classic&quot;}\">\n\t\t\t\t\t<div class=\"e-con-inner\">\n\t\t<div class=\"elementor-element elementor-element-1c6025f e-con-full e-flex wpr-particle-no wpr-jarallax-no wpr-parallax-no wpr-sticky-section-no e-con e-child\" data-id=\"1c6025f\" data-element_type=\"container\">\n\t\t\t\t<div class=\"elementor-element elementor-element-d4cfaf3 elementor-widget__width-initial elementor-widget elementor-widget-image\" data-id=\"d4cfaf3\" data-element_type=\"widget\" data-widget_type=\"image.default\">\n\t\t\t\t<div class=\"elementor-widget-container\">\n\t\t\t\t\t\t\t\t\t\t\t\t\t\t\t<img loading=\"lazy\" decoding=\"async\" width=\"295\" height=\"300\" src=\"https:\/\/chateaudutruch.com\/wp-content\/uploads\/2025\/06\/Blason-Image-Square2-295x300.jpg\" class=\"attachment-medium size-medium wp-image-284\" alt=\"\" srcset=\"https:\/\/chateaudutruch.com\/wp-content\/uploads\/2025\/06\/Blason-Image-Square2-295x300.jpg 295w, https:\/\/chateaudutruch.com\/wp-content\/uploads\/2025\/06\/Blason-Image-Square2.jpg 506w\" sizes=\"(max-width: 295px) 100vw, 295px\" \/>\t\t\t\t\t\t\t\t\t\t\t\t\t\t\t<\/div>\n\t\t\t\t<\/div>\n\t\t\t\t<\/div>\n\t\t<div class=\"elementor-element elementor-element-01aaada e-con-full e-flex wpr-particle-no wpr-jarallax-no wpr-parallax-no wpr-sticky-section-no e-con e-child\" data-id=\"01aaada\" data-element_type=\"container\">\n\t\t\t\t<div class=\"elementor-element elementor-element-3a8a0a4 elementor-widget__width-initial elementor-widget elementor-widget-image\" data-id=\"3a8a0a4\" data-element_type=\"widget\" data-widget_type=\"image.default\">\n\t\t\t\t<div class=\"elementor-widget-container\">\n\t\t\t\t\t\t\t\t\t\t\t\t\t\t\t<img loading=\"lazy\" decoding=\"async\" width=\"861\" height=\"946\" src=\"https:\/\/chateaudutruch.com\/wp-content\/uploads\/2025\/08\/Blason-modifie-1.jpg\" class=\"attachment-large size-large wp-image-799\" alt=\"\" srcset=\"https:\/\/chateaudutruch.com\/wp-content\/uploads\/2025\/08\/Blason-modifie-1.jpg 861w, https:\/\/chateaudutruch.com\/wp-content\/uploads\/2025\/08\/Blason-modifie-1-273x300.jpg 273w, https:\/\/chateaudutruch.com\/wp-content\/uploads\/2025\/08\/Blason-modifie-1-768x844.jpg 768w, https:\/\/chateaudutruch.com\/wp-content\/uploads\/2025\/08\/Blason-modifie-1-600x659.jpg 600w\" sizes=\"(max-width: 861px) 100vw, 861px\" \/>\t\t\t\t\t\t\t\t\t\t\t\t\t\t\t<\/div>\n\t\t\t\t<\/div>\n\t\t\t\t<\/div>\n\t\t\t\t\t<\/div>\n\t\t\t\t<\/div>\n\t\t\t\t<\/div>\n\t\t","protected":false},"excerpt":{"rendered":"<p>Die Familie Schuster Eine Dynastie der Weinleidenschaft, von Lille bis zum Herzen des M\u00e9doc Die Familie Cordonnier ist seit dem 16. Jahrhundert im Register der B\u00fcrger von Lille eingetragen. Die Mitglieder \u00fcbten verschiedene Berufe aus: Hufschmied , Pfl\u00fcger, Weber, Leinwandh\u00e4ndler, P\u00e4chter, B\u00f6ttcher, Lebensmittelh\u00e4ndler, Hausbesitzer, Kesselschmied, Weinh\u00e4ndler und Architekt (darunter Louis Cordonnier, Architekt zahlreicher Rath\u00e4user, Kirchen und anderer \u00f6ffentlicher Geb\u00e4ude in Lille und Umgebung). Mein Gro\u00dfvater, Jean-Baptiste Cordonnier, geboren 1886, war Verbindungsoffizier in den Sch\u00fctzengr\u00e4ben und wurde mit dem Kriegskreuz 14-18 ausgezeichnet. Er heiratete 1920 Madeleine Desombre, die ebenfalls aus Lille stammte, und lie\u00df sich in Br\u00fcssel als Weinmakler nieder. Er hinterlie\u00df in der Familie die Erinnerung an eine strahlende, vision\u00e4re und liebevolle, aber auch autorit\u00e4re und aufbrausende Pers\u00f6nlichkeit. Mein Onkel Fran\u00e7ois (1927-2010 ), der Agronomie studiert hatte, begann seine Karriere als Verwalter von Weing\u00fctern, darunter das Schloss Chenonceau in der Loire. Nach vielen Jahren der Suche und des Z\u00f6gerns lie\u00df er sich schlie\u00dflich 1967, ermutigt durch Pierre, in Moulis-en-M\u00e9doc auf dem Ch\u00e2teau Dutruch-Grand-Poujeaux nieder, das er von der Familie Lambert-Dutruch gekauft hatte. Im Wartezimmer des Notars fragte sich meine Mutter, in was f\u00fcr eine seltsame Familie sie geraten war, in der man ein Anwesen &#8220;so nebenbei&#8221; kaufte. Fran\u00e7ois Cordonnier senior heiratete 1970 Marie-Claire Arrivet, die aus der Graves-Region stammte. Das Ehepaar ist kinderlos und empf\u00e4ngt seine zahlreichen Nichten und Neffen gro\u00dfz\u00fcgig auf Ch\u00e2teau Dutruch. Die Br\u00fcder Fran\u00e7ois und Pierre sind eng miteinander verbunden und erg\u00e4nzen sich gegenseitig. Sie bilden ein beispielhaftes Duo: Pierre verkauft mit Energie in Belgien die Weine, die Fran\u00e7ois mit Leidenschaft auf dem Schloss produziert. 2016 kaufte ich das Weingut von meinem Bruder Jean-Baptiste, der sich davon trennen wollte. Von Br\u00fcssel aus, wo ich das Familiengesch\u00e4ft alsAgent f\u00fcr franz\u00f6sische und spanische Produzenten weiterf\u00fchre (wie mein Vater und Gro\u00dfvater vor mir), leite ich das Weingut zusammen mit Paul Falipou, dem Direktor seit 2025 (als Nachfolger von S\u00e9bastien Olivar). Brief von Fran\u00e7ois&#8217; Gro\u00dfvater an seine Frau aus dem Jahr 1963 w\u00e4hrend einer Reise auf der Suche nach einem Anwesen zwischen Muscadet, Cognac und M\u00e9doc. Leizaola: Exil, Widerstand und ein Schicksal, das mit dem M\u00e9doc verbunden ist Eine von der Geschichte gepr\u00e4gte baskische Linie 1936: Arantza de Leizaola wird in San Sebasti\u00e1n geboren, am Vorabend des Staatsstreichs von Franco und des Spanischen B\u00fcrgerkriegs.1937: Jes\u00fas Mar\u00eda de Leizaola, baskischer Justizminister und sp\u00e4terer Pr\u00e4sident der Exilregierung, schickt seine Frau und seine sechs Kinder nach Frankreich &#8211; ihr Schiff landet ironischerweise in Pauillac, im M\u00e9doc, wo sie sich in einem Hotel einquartieren. (Die Hoteliers, die sie beherbergten, wurden nach ihrer Abreise von den Franquisten hingerichtet). 1979: Nach 40 Jahren im Exil kann der Gro\u00dfvater von Fran\u00e7ois nach dem Fall der Diktatur endlich nach Spanien zur\u00fcckkehren. Ein Wappen mit Legende Die Familie Leizaola, ein baskischer Adel alten Ursprungs, f\u00fchrt ein Wappen mit starker Symbolik: Rechts (Gueules) : Ein goldenes Schloss, Symbol der Macht. Links (Sinople) : Eine goldene Schlange, die von einem Ritter (in der Briefmarke abgebildet) niedergeschlagen wird, erinnert daran, dass ein Vorfahre einen Ort, der durchquert wurde, von dieser Plage befreite. Familienhommage: Dieses Wappen ziert einige unserer Etiketten, eine enge Verbindung zwischen unserem baskischen Erbe und unserem Schicksal im M\u00e9doc. Markante Punkte &#8211; Exil und Widerstand: Eine Geschichte, die zutiefst mit Freiheit verbunden ist. &#8211; M\u00e9doc, Land der Gastfreundschaft: Der Zufall, der sp\u00e4ter die Leizaola mit den Cordonniers verband. &#8211; Legend\u00e4res Wappen: Symbol f\u00fcr Mut und Adel, auf unsere Weine gedruckt.<\/p>\n","protected":false},"author":1,"featured_media":0,"parent":0,"menu_order":0,"comment_status":"closed","ping_status":"closed","template":"","meta":{"_eb_attr":"","footnotes":""},"class_list":["post-1010","page","type-page","status-publish","hentry"],"blocksy_meta":[],"yoast_head":"<!-- This site is optimized with the Yoast SEO plugin v26.6 - https:\/\/yoast.com\/wordpress\/plugins\/seo\/ -->\n<title>Die Familie Schuster - Ch\u00e2teau Dutruch<\/title>\n<meta name=\"robots\" content=\"index, follow, max-snippet:-1, max-image-preview:large, max-video-preview:-1\" \/>\n<link rel=\"canonical\" href=\"https:\/\/chateaudutruch.com\/de\/die-familie-schuster\/\" \/>\n<meta property=\"og:locale\" content=\"de_DE\" \/>\n<meta property=\"og:type\" content=\"article\" \/>\n<meta property=\"og:title\" content=\"Die Familie Schuster - Ch\u00e2teau Dutruch\" \/>\n<meta property=\"og:description\" content=\"Die Familie Schuster Eine Dynastie der Weinleidenschaft, von Lille bis zum Herzen des M\u00e9doc Die Familie Cordonnier ist seit dem 16. Jahrhundert im Register der B\u00fcrger von Lille eingetragen. Die Mitglieder \u00fcbten verschiedene Berufe aus: Hufschmied , Pfl\u00fcger, Weber, Leinwandh\u00e4ndler, P\u00e4chter, B\u00f6ttcher, Lebensmittelh\u00e4ndler, Hausbesitzer, Kesselschmied, Weinh\u00e4ndler und Architekt (darunter Louis Cordonnier, Architekt zahlreicher Rath\u00e4user, Kirchen und anderer \u00f6ffentlicher Geb\u00e4ude in Lille und Umgebung). Mein Gro\u00dfvater, Jean-Baptiste Cordonnier, geboren 1886, war Verbindungsoffizier in den Sch\u00fctzengr\u00e4ben und wurde mit dem Kriegskreuz 14-18 ausgezeichnet. Er heiratete 1920 Madeleine Desombre, die ebenfalls aus Lille stammte, und lie\u00df sich in Br\u00fcssel als Weinmakler nieder. Er hinterlie\u00df in der Familie die Erinnerung an eine strahlende, vision\u00e4re und liebevolle, aber auch autorit\u00e4re und aufbrausende Pers\u00f6nlichkeit. Mein Onkel Fran\u00e7ois (1927-2010 ), der Agronomie studiert hatte, begann seine Karriere als Verwalter von Weing\u00fctern, darunter das Schloss Chenonceau in der Loire. Nach vielen Jahren der Suche und des Z\u00f6gerns lie\u00df er sich schlie\u00dflich 1967, ermutigt durch Pierre, in Moulis-en-M\u00e9doc auf dem Ch\u00e2teau Dutruch-Grand-Poujeaux nieder, das er von der Familie Lambert-Dutruch gekauft hatte. Im Wartezimmer des Notars fragte sich meine Mutter, in was f\u00fcr eine seltsame Familie sie geraten war, in der man ein Anwesen &#8220;so nebenbei&#8221; kaufte. Fran\u00e7ois Cordonnier senior heiratete 1970 Marie-Claire Arrivet, die aus der Graves-Region stammte. Das Ehepaar ist kinderlos und empf\u00e4ngt seine zahlreichen Nichten und Neffen gro\u00dfz\u00fcgig auf Ch\u00e2teau Dutruch. Die Br\u00fcder Fran\u00e7ois und Pierre sind eng miteinander verbunden und erg\u00e4nzen sich gegenseitig. Sie bilden ein beispielhaftes Duo: Pierre verkauft mit Energie in Belgien die Weine, die Fran\u00e7ois mit Leidenschaft auf dem Schloss produziert. 2016 kaufte ich das Weingut von meinem Bruder Jean-Baptiste, der sich davon trennen wollte. Von Br\u00fcssel aus, wo ich das Familiengesch\u00e4ft alsAgent f\u00fcr franz\u00f6sische und spanische Produzenten weiterf\u00fchre (wie mein Vater und Gro\u00dfvater vor mir), leite ich das Weingut zusammen mit Paul Falipou, dem Direktor seit 2025 (als Nachfolger von S\u00e9bastien Olivar). Brief von Fran\u00e7ois&#8217; Gro\u00dfvater an seine Frau aus dem Jahr 1963 w\u00e4hrend einer Reise auf der Suche nach einem Anwesen zwischen Muscadet, Cognac und M\u00e9doc. Leizaola: Exil, Widerstand und ein Schicksal, das mit dem M\u00e9doc verbunden ist Eine von der Geschichte gepr\u00e4gte baskische Linie 1936: Arantza de Leizaola wird in San Sebasti\u00e1n geboren, am Vorabend des Staatsstreichs von Franco und des Spanischen B\u00fcrgerkriegs.1937: Jes\u00fas Mar\u00eda de Leizaola, baskischer Justizminister und sp\u00e4terer Pr\u00e4sident der Exilregierung, schickt seine Frau und seine sechs Kinder nach Frankreich &#8211; ihr Schiff landet ironischerweise in Pauillac, im M\u00e9doc, wo sie sich in einem Hotel einquartieren. (Die Hoteliers, die sie beherbergten, wurden nach ihrer Abreise von den Franquisten hingerichtet). 1979: Nach 40 Jahren im Exil kann der Gro\u00dfvater von Fran\u00e7ois nach dem Fall der Diktatur endlich nach Spanien zur\u00fcckkehren. Ein Wappen mit Legende Die Familie Leizaola, ein baskischer Adel alten Ursprungs, f\u00fchrt ein Wappen mit starker Symbolik: Rechts (Gueules) : Ein goldenes Schloss, Symbol der Macht. Links (Sinople) : Eine goldene Schlange, die von einem Ritter (in der Briefmarke abgebildet) niedergeschlagen wird, erinnert daran, dass ein Vorfahre einen Ort, der durchquert wurde, von dieser Plage befreite. Familienhommage: Dieses Wappen ziert einige unserer Etiketten, eine enge Verbindung zwischen unserem baskischen Erbe und unserem Schicksal im M\u00e9doc. Markante Punkte &#8211; Exil und Widerstand: Eine Geschichte, die zutiefst mit Freiheit verbunden ist. &#8211; M\u00e9doc, Land der Gastfreundschaft: Der Zufall, der sp\u00e4ter die Leizaola mit den Cordonniers verband. &#8211; Legend\u00e4res Wappen: Symbol f\u00fcr Mut und Adel, auf unsere Weine gedruckt.\" \/>\n<meta property=\"og:url\" content=\"https:\/\/chateaudutruch.com\/de\/die-familie-schuster\/\" \/>\n<meta property=\"og:site_name\" content=\"Ch\u00e2teau Dutruch\" \/>\n<meta property=\"article:modified_time\" content=\"2025-08-20T07:31:39+00:00\" \/>\n<meta property=\"og:image\" content=\"https:\/\/chateaudutruch.com\/wp-content\/uploads\/2025\/06\/image-7.png\" \/>\n\t<meta property=\"og:image:width\" content=\"893\" \/>\n\t<meta property=\"og:image:height\" content=\"481\" \/>\n\t<meta property=\"og:image:type\" content=\"image\/png\" \/>\n<meta name=\"twitter:card\" content=\"summary_large_image\" \/>\n<meta name=\"twitter:label1\" content=\"Gesch\u00e4tzte Lesezeit\" \/>\n\t<meta name=\"twitter:data1\" content=\"3\u00a0Minute\" \/>\n<script type=\"application\/ld+json\" class=\"yoast-schema-graph\">{\"@context\":\"https:\/\/schema.org\",\"@graph\":[{\"@type\":\"WebPage\",\"@id\":\"https:\/\/chateaudutruch.com\/de\/die-familie-schuster\/\",\"url\":\"https:\/\/chateaudutruch.com\/de\/die-familie-schuster\/\",\"name\":\"Die Familie Schuster - Ch\u00e2teau Dutruch\",\"isPartOf\":{\"@id\":\"https:\/\/chateaudutruch.com\/de\/#website\"},\"primaryImageOfPage\":{\"@id\":\"https:\/\/chateaudutruch.com\/de\/die-familie-schuster\/#primaryimage\"},\"image\":{\"@id\":\"https:\/\/chateaudutruch.com\/de\/die-familie-schuster\/#primaryimage\"},\"thumbnailUrl\":\"https:\/\/chateaudutruch.com\/wp-content\/uploads\/2025\/06\/image-7-768x414.png\",\"datePublished\":\"2025-06-19T10:47:41+00:00\",\"dateModified\":\"2025-08-20T07:31:39+00:00\",\"breadcrumb\":{\"@id\":\"https:\/\/chateaudutruch.com\/de\/die-familie-schuster\/#breadcrumb\"},\"inLanguage\":\"de\",\"potentialAction\":[{\"@type\":\"ReadAction\",\"target\":[\"https:\/\/chateaudutruch.com\/de\/die-familie-schuster\/\"]}]},{\"@type\":\"ImageObject\",\"inLanguage\":\"de\",\"@id\":\"https:\/\/chateaudutruch.com\/de\/die-familie-schuster\/#primaryimage\",\"url\":\"https:\/\/chateaudutruch.com\/wp-content\/uploads\/2025\/06\/image-7-768x414.png\",\"contentUrl\":\"https:\/\/chateaudutruch.com\/wp-content\/uploads\/2025\/06\/image-7-768x414.png\"},{\"@type\":\"BreadcrumbList\",\"@id\":\"https:\/\/chateaudutruch.com\/de\/die-familie-schuster\/#breadcrumb\",\"itemListElement\":[{\"@type\":\"ListItem\",\"position\":1,\"name\":\"Accueil\",\"item\":\"https:\/\/chateaudutruch.com\/de\/startseite\/\"},{\"@type\":\"ListItem\",\"position\":2,\"name\":\"Die Familie Schuster\"}]},{\"@type\":\"WebSite\",\"@id\":\"https:\/\/chateaudutruch.com\/de\/#website\",\"url\":\"https:\/\/chateaudutruch.com\/de\/\",\"name\":\"Ch\u00e2teau Dutruch\",\"description\":\"Ch\u00e2teau Dutruch Grand Poujeaux - Vin de Moulis en M\u00e9doc\",\"publisher\":{\"@id\":\"https:\/\/chateaudutruch.com\/de\/#organization\"},\"potentialAction\":[{\"@type\":\"SearchAction\",\"target\":{\"@type\":\"EntryPoint\",\"urlTemplate\":\"https:\/\/chateaudutruch.com\/de\/?s={search_term_string}\"},\"query-input\":{\"@type\":\"PropertyValueSpecification\",\"valueRequired\":true,\"valueName\":\"search_term_string\"}}],\"inLanguage\":\"de\"},{\"@type\":\"Organization\",\"@id\":\"https:\/\/chateaudutruch.com\/de\/#organization\",\"name\":\"Ch\u00e2teau Dutruch\",\"url\":\"https:\/\/chateaudutruch.com\/de\/\",\"logo\":{\"@type\":\"ImageObject\",\"inLanguage\":\"de\",\"@id\":\"https:\/\/chateaudutruch.com\/de\/#\/schema\/logo\/image\/\",\"url\":\"https:\/\/chateaudutruch.com\/wp-content\/uploads\/2025\/06\/CH-DUTRUCH-GRAND-POUJEAUX-Moulis-en-Medoc-Logo-Noir.png\",\"contentUrl\":\"https:\/\/chateaudutruch.com\/wp-content\/uploads\/2025\/06\/CH-DUTRUCH-GRAND-POUJEAUX-Moulis-en-Medoc-Logo-Noir.png\",\"width\":567,\"height\":220,\"caption\":\"Ch\u00e2teau Dutruch\"},\"image\":{\"@id\":\"https:\/\/chateaudutruch.com\/de\/#\/schema\/logo\/image\/\"}}]}<\/script>\n<!-- \/ Yoast SEO plugin. -->","yoast_head_json":{"title":"Die Familie Schuster - Ch\u00e2teau Dutruch","robots":{"index":"index","follow":"follow","max-snippet":"max-snippet:-1","max-image-preview":"max-image-preview:large","max-video-preview":"max-video-preview:-1"},"canonical":"https:\/\/chateaudutruch.com\/de\/die-familie-schuster\/","og_locale":"de_DE","og_type":"article","og_title":"Die Familie Schuster - Ch\u00e2teau Dutruch","og_description":"Die Familie Schuster Eine Dynastie der Weinleidenschaft, von Lille bis zum Herzen des M\u00e9doc Die Familie Cordonnier ist seit dem 16. Jahrhundert im Register der B\u00fcrger von Lille eingetragen. Die Mitglieder \u00fcbten verschiedene Berufe aus: Hufschmied , Pfl\u00fcger, Weber, Leinwandh\u00e4ndler, P\u00e4chter, B\u00f6ttcher, Lebensmittelh\u00e4ndler, Hausbesitzer, Kesselschmied, Weinh\u00e4ndler und Architekt (darunter Louis Cordonnier, Architekt zahlreicher Rath\u00e4user, Kirchen und anderer \u00f6ffentlicher Geb\u00e4ude in Lille und Umgebung). Mein Gro\u00dfvater, Jean-Baptiste Cordonnier, geboren 1886, war Verbindungsoffizier in den Sch\u00fctzengr\u00e4ben und wurde mit dem Kriegskreuz 14-18 ausgezeichnet. Er heiratete 1920 Madeleine Desombre, die ebenfalls aus Lille stammte, und lie\u00df sich in Br\u00fcssel als Weinmakler nieder. Er hinterlie\u00df in der Familie die Erinnerung an eine strahlende, vision\u00e4re und liebevolle, aber auch autorit\u00e4re und aufbrausende Pers\u00f6nlichkeit. Mein Onkel Fran\u00e7ois (1927-2010 ), der Agronomie studiert hatte, begann seine Karriere als Verwalter von Weing\u00fctern, darunter das Schloss Chenonceau in der Loire. Nach vielen Jahren der Suche und des Z\u00f6gerns lie\u00df er sich schlie\u00dflich 1967, ermutigt durch Pierre, in Moulis-en-M\u00e9doc auf dem Ch\u00e2teau Dutruch-Grand-Poujeaux nieder, das er von der Familie Lambert-Dutruch gekauft hatte. Im Wartezimmer des Notars fragte sich meine Mutter, in was f\u00fcr eine seltsame Familie sie geraten war, in der man ein Anwesen &#8220;so nebenbei&#8221; kaufte. Fran\u00e7ois Cordonnier senior heiratete 1970 Marie-Claire Arrivet, die aus der Graves-Region stammte. Das Ehepaar ist kinderlos und empf\u00e4ngt seine zahlreichen Nichten und Neffen gro\u00dfz\u00fcgig auf Ch\u00e2teau Dutruch. Die Br\u00fcder Fran\u00e7ois und Pierre sind eng miteinander verbunden und erg\u00e4nzen sich gegenseitig. Sie bilden ein beispielhaftes Duo: Pierre verkauft mit Energie in Belgien die Weine, die Fran\u00e7ois mit Leidenschaft auf dem Schloss produziert. 2016 kaufte ich das Weingut von meinem Bruder Jean-Baptiste, der sich davon trennen wollte. Von Br\u00fcssel aus, wo ich das Familiengesch\u00e4ft alsAgent f\u00fcr franz\u00f6sische und spanische Produzenten weiterf\u00fchre (wie mein Vater und Gro\u00dfvater vor mir), leite ich das Weingut zusammen mit Paul Falipou, dem Direktor seit 2025 (als Nachfolger von S\u00e9bastien Olivar). Brief von Fran\u00e7ois&#8217; Gro\u00dfvater an seine Frau aus dem Jahr 1963 w\u00e4hrend einer Reise auf der Suche nach einem Anwesen zwischen Muscadet, Cognac und M\u00e9doc. Leizaola: Exil, Widerstand und ein Schicksal, das mit dem M\u00e9doc verbunden ist Eine von der Geschichte gepr\u00e4gte baskische Linie 1936: Arantza de Leizaola wird in San Sebasti\u00e1n geboren, am Vorabend des Staatsstreichs von Franco und des Spanischen B\u00fcrgerkriegs.1937: Jes\u00fas Mar\u00eda de Leizaola, baskischer Justizminister und sp\u00e4terer Pr\u00e4sident der Exilregierung, schickt seine Frau und seine sechs Kinder nach Frankreich &#8211; ihr Schiff landet ironischerweise in Pauillac, im M\u00e9doc, wo sie sich in einem Hotel einquartieren. (Die Hoteliers, die sie beherbergten, wurden nach ihrer Abreise von den Franquisten hingerichtet). 1979: Nach 40 Jahren im Exil kann der Gro\u00dfvater von Fran\u00e7ois nach dem Fall der Diktatur endlich nach Spanien zur\u00fcckkehren. Ein Wappen mit Legende Die Familie Leizaola, ein baskischer Adel alten Ursprungs, f\u00fchrt ein Wappen mit starker Symbolik: Rechts (Gueules) : Ein goldenes Schloss, Symbol der Macht. Links (Sinople) : Eine goldene Schlange, die von einem Ritter (in der Briefmarke abgebildet) niedergeschlagen wird, erinnert daran, dass ein Vorfahre einen Ort, der durchquert wurde, von dieser Plage befreite. Familienhommage: Dieses Wappen ziert einige unserer Etiketten, eine enge Verbindung zwischen unserem baskischen Erbe und unserem Schicksal im M\u00e9doc. Markante Punkte &#8211; Exil und Widerstand: Eine Geschichte, die zutiefst mit Freiheit verbunden ist. &#8211; M\u00e9doc, Land der Gastfreundschaft: Der Zufall, der sp\u00e4ter die Leizaola mit den Cordonniers verband. &#8211; Legend\u00e4res Wappen: Symbol f\u00fcr Mut und Adel, auf unsere Weine gedruckt.","og_url":"https:\/\/chateaudutruch.com\/de\/die-familie-schuster\/","og_site_name":"Ch\u00e2teau Dutruch","article_modified_time":"2025-08-20T07:31:39+00:00","og_image":[{"width":893,"height":481,"url":"https:\/\/chateaudutruch.com\/wp-content\/uploads\/2025\/06\/image-7.png","type":"image\/png"}],"twitter_card":"summary_large_image","twitter_misc":{"Gesch\u00e4tzte Lesezeit":"3\u00a0Minute"},"schema":{"@context":"https:\/\/schema.org","@graph":[{"@type":"WebPage","@id":"https:\/\/chateaudutruch.com\/de\/die-familie-schuster\/","url":"https:\/\/chateaudutruch.com\/de\/die-familie-schuster\/","name":"Die Familie Schuster - Ch\u00e2teau Dutruch","isPartOf":{"@id":"https:\/\/chateaudutruch.com\/de\/#website"},"primaryImageOfPage":{"@id":"https:\/\/chateaudutruch.com\/de\/die-familie-schuster\/#primaryimage"},"image":{"@id":"https:\/\/chateaudutruch.com\/de\/die-familie-schuster\/#primaryimage"},"thumbnailUrl":"https:\/\/chateaudutruch.com\/wp-content\/uploads\/2025\/06\/image-7-768x414.png","datePublished":"2025-06-19T10:47:41+00:00","dateModified":"2025-08-20T07:31:39+00:00","breadcrumb":{"@id":"https:\/\/chateaudutruch.com\/de\/die-familie-schuster\/#breadcrumb"},"inLanguage":"de","potentialAction":[{"@type":"ReadAction","target":["https:\/\/chateaudutruch.com\/de\/die-familie-schuster\/"]}]},{"@type":"ImageObject","inLanguage":"de","@id":"https:\/\/chateaudutruch.com\/de\/die-familie-schuster\/#primaryimage","url":"https:\/\/chateaudutruch.com\/wp-content\/uploads\/2025\/06\/image-7-768x414.png","contentUrl":"https:\/\/chateaudutruch.com\/wp-content\/uploads\/2025\/06\/image-7-768x414.png"},{"@type":"BreadcrumbList","@id":"https:\/\/chateaudutruch.com\/de\/die-familie-schuster\/#breadcrumb","itemListElement":[{"@type":"ListItem","position":1,"name":"Accueil","item":"https:\/\/chateaudutruch.com\/de\/startseite\/"},{"@type":"ListItem","position":2,"name":"Die Familie Schuster"}]},{"@type":"WebSite","@id":"https:\/\/chateaudutruch.com\/de\/#website","url":"https:\/\/chateaudutruch.com\/de\/","name":"Ch\u00e2teau Dutruch","description":"Ch\u00e2teau Dutruch Grand Poujeaux - Vin de Moulis en M\u00e9doc","publisher":{"@id":"https:\/\/chateaudutruch.com\/de\/#organization"},"potentialAction":[{"@type":"SearchAction","target":{"@type":"EntryPoint","urlTemplate":"https:\/\/chateaudutruch.com\/de\/?s={search_term_string}"},"query-input":{"@type":"PropertyValueSpecification","valueRequired":true,"valueName":"search_term_string"}}],"inLanguage":"de"},{"@type":"Organization","@id":"https:\/\/chateaudutruch.com\/de\/#organization","name":"Ch\u00e2teau Dutruch","url":"https:\/\/chateaudutruch.com\/de\/","logo":{"@type":"ImageObject","inLanguage":"de","@id":"https:\/\/chateaudutruch.com\/de\/#\/schema\/logo\/image\/","url":"https:\/\/chateaudutruch.com\/wp-content\/uploads\/2025\/06\/CH-DUTRUCH-GRAND-POUJEAUX-Moulis-en-Medoc-Logo-Noir.png","contentUrl":"https:\/\/chateaudutruch.com\/wp-content\/uploads\/2025\/06\/CH-DUTRUCH-GRAND-POUJEAUX-Moulis-en-Medoc-Logo-Noir.png","width":567,"height":220,"caption":"Ch\u00e2teau Dutruch"},"image":{"@id":"https:\/\/chateaudutruch.com\/de\/#\/schema\/logo\/image\/"}}]}},"_links":{"self":[{"href":"https:\/\/chateaudutruch.com\/de\/wp-json\/wp\/v2\/pages\/1010","targetHints":{"allow":["GET"]}}],"collection":[{"href":"https:\/\/chateaudutruch.com\/de\/wp-json\/wp\/v2\/pages"}],"about":[{"href":"https:\/\/chateaudutruch.com\/de\/wp-json\/wp\/v2\/types\/page"}],"author":[{"embeddable":true,"href":"https:\/\/chateaudutruch.com\/de\/wp-json\/wp\/v2\/users\/1"}],"replies":[{"embeddable":true,"href":"https:\/\/chateaudutruch.com\/de\/wp-json\/wp\/v2\/comments?post=1010"}],"version-history":[{"count":1,"href":"https:\/\/chateaudutruch.com\/de\/wp-json\/wp\/v2\/pages\/1010\/revisions"}],"predecessor-version":[{"id":1035,"href":"https:\/\/chateaudutruch.com\/de\/wp-json\/wp\/v2\/pages\/1010\/revisions\/1035"}],"wp:attachment":[{"href":"https:\/\/chateaudutruch.com\/de\/wp-json\/wp\/v2\/media?parent=1010"}],"curies":[{"name":"wp","href":"https:\/\/api.w.org\/{rel}","templated":true}]}}